{"id":1874,"date":"2023-05-16T09:46:23","date_gmt":"2023-05-16T07:46:23","guid":{"rendered":"https:\/\/aparra-surfcamp.com\/recepcion\/"},"modified":"2026-04-16T11:02:25","modified_gmt":"2026-04-16T09:02:25","slug":"accueil","status":"publish","type":"page","link":"https:\/\/aparra-surfcamp.com\/es\/","title":{"rendered":"Recepci\u00f3n"},"content":{"rendered":"<section id=\"ls-section-block_124db121c49549757a79a6f18b2b7a25\" class=\"ls-section  home-intro has-p-b p-b-14\" >\r\n        <div class=\"container container--wide\">\r\n        \n\n<div class=\"wp-block-columns is-layout-flex wp-container-core-columns-is-layout-9d6595d7 wp-block-columns-is-layout-flex\">\n<div class=\"wp-block-column is-layout-flow wp-block-column-is-layout-flow\">\n<h1 class=\"ls__heading wp-block-heading deco\">Vuestras casas rurales<br\/>en la costa atl\u00e1ntica<\/h1>\n\n\n\n<p class=\"ls-paragraph\">Bienvenidos al mundo de Aparra Surfcamp \ud83c\udf0d<\/p>\n\n\n\n<p class=\"ls-paragraph\"><br\/>Nuestros albergues al aire libre est\u00e1n situados en lugares privilegiados del Pa\u00eds Vasco, en Hendaya y San Juan de Luz, as\u00ed como en las Landas, en Capbreton y Ondres. <\/p>\n\n\n\n<p class=\"ls-paragraph\">Tanto si eres surfista, senderista o ciclista, como si te gusta conocer gente nueva, compartir experiencias y disfrutar de un ambiente agradable: \u00a1ESTOS SURFCAMPS EST\u00c1N HECHOS PARA TI!<\/p>\n\n\n\n<p class=\"ls-paragraph\">Estamos ubicados en campings y ofrecemos diferentes tipos de alojamientos originales. Tendr\u00e1s a tu disposici\u00f3n una tienda con cocina equipada y una zona de estar. <\/p>\n\n\n\n<p class=\"ls-paragraph\">Disfruta de tranquilos paseos a lo largo del oc\u00e9ano Atl\u00e1ntico, de sesiones de surf en un entorno incre\u00edble y contempla las puestas de sol m\u00e1s bonitas.<\/p>\n\n\n\n<p class=\"ls-paragraph\"><br\/>Tu sonrisa es nuestra recompensa \ud83d\ude0d <\/p>\n<\/div>\n\n\n\n<div class=\"wp-block-column is-layout-flow wp-block-column-is-layout-flow\">\n<div class=\"wp-block-columns wrapper-text-deco is-layout-flex wp-container-core-columns-is-layout-9d6595d7 wp-block-columns-is-layout-flex\">\n<div class=\"wp-block-column is-layout-flow wp-block-column-is-layout-flow\"><\/div>\n<\/div>\n<\/div>\n<\/div>\n\n\n\n<figure class=\"wp-block-image size-full carte-mobile\"><img decoding=\"async\" width=\"1012\" height=\"816\" src=\"https:\/\/aparra-surfcamp.com\/wp-content\/uploads\/2023\/05\/carte-cote-basque.webp\" alt=\"carte cote basque\" class=\"wp-image-1595\" srcset=\"https:\/\/aparra-surfcamp.com\/wp-content\/uploads\/2023\/05\/carte-cote-basque.webp 1012w, https:\/\/aparra-surfcamp.com\/wp-content\/uploads\/2023\/05\/carte-cote-basque-300x242.webp 300w, https:\/\/aparra-surfcamp.com\/wp-content\/uploads\/2023\/05\/carte-cote-basque-768x619.webp 768w\" sizes=\"(max-width: 1012px) 100vw, 1012px\" \/><\/figure>\n\n\r\n    <\/div>\r\n<\/section><section id=\"ls-section-block_fdf3600c63e2f9d5cdeaf862f9d6fd38\" class=\"ls-section  deco wave has-p-t p-t-0 has-p-b p-b-14\" >\r\n        <div class=\"container container--wide\">\r\n        \n\n<h2 class=\"ls__heading wp-block-heading has-text-align-center\">Nuestros campamentos de surf<br\/>en la costa atl\u00e1ntica<\/h2>\n\n\n\n<p class=\"ls-paragraph has-text-align-center\">Nuestro campamento de surf de Capbreton est\u00e1 situado en la playa de Les Oc\u00e9anides, en el camping Domaine de Fierbois; el de Saint-Jean-de-Luz se encuentra en la playa de Erromardie, y nuestro albergue de Hendaya est\u00e1 cerca del castillo de Abbadia. <\/p>\n\n\n\n<p class=\"ls-paragraph has-text-align-center\">Con una ubicaci\u00f3n ideal en la ruta ciclista V\u00e9lodyss\u00e9e, todos nuestros albergues al aire libre se encuentran a menos de un kil\u00f3metro del oc\u00e9ano.<\/p>\n\n\n\n<p class=\"ls-paragraph has-text-align-center\">Nuestros albergues al aire libre te ofrecen acceso a los mejores lugares para practicar surf de la costa atl\u00e1ntica.<\/p>\n\n\n\n<div class=\"wp-block-columns is-layout-flex wp-container-core-columns-is-layout-9d6595d7 wp-block-columns-is-layout-flex\">\n<div class=\"wp-block-column is-layout-flow wp-block-column-is-layout-flow\" style=\"flex-basis:60%\">\n<div class=\"wp-block-columns cta-map-container animated backInRight delay-500ms slow is-layout-flex wp-container-core-columns-is-layout-9d6595d7 wp-block-columns-is-layout-flex\">\n<div class=\"wp-block-column is-vertically-aligned-center p-t-10 is-layout-flow wp-block-column-is-layout-flow\">\n    <div class=\"ls-cta cta-carte\" data-lat=\"43.63608\" data-long=\"-1.44174\">\n\t<a href=\"https:\/\/aparra-surfcamp.com\/surfcamp-capbreton\/\" target=\"\" rel=\"noopener\" class=\"ls-cta__link\">\n\n\t\t<div class=\"ls-cta__image\"><img decoding=\"async\" src=\"https:\/\/aparra-surfcamp.com\/wp-content\/uploads\/2024\/03\/appara-capbreton-cta-768x960.jpg\" alt=\"appara capbreton cta\"><\/div>\n\t\t<div class=\"ls-cta__title\">\n\t\t\tCapbreton\t\t<\/div>\n\n\t\t\t\t\n\t<\/a>\n\n<\/div>\n\n\n\n\n    <div class=\"ls-cta cta-carte\" data-lat=\"43.5739262\" data-long=\"-1.472333\">\n\t<a href=\"https:\/\/aparra-surfcamp.com\/surfcamp-ondres\/\" target=\"\" rel=\"noopener\" class=\"ls-cta__link\">\n\n\t\t<div class=\"ls-cta__image\"><img decoding=\"async\" src=\"https:\/\/aparra-surfcamp.com\/wp-content\/uploads\/2026\/02\/ondres-aparra-surf-camp.jpg\" alt=\"Vague drone, Ondres\"><\/div>\n\t\t<div class=\"ls-cta__title\">\n\t\t\tOndres\t\t<\/div>\n\n\t\t\t\t\n\t<\/a>\n\n<\/div>\n\n<\/div>\n\n\n\n<div class=\"wp-block-column is-vertically-aligned-top is-layout-flow wp-block-column-is-layout-flow\">\n    <div class=\"ls-cta cta-carte\" data-lat=\"43.37298\" data-long=\"-1.74398\">\n\t<a href=\"https:\/\/aparra-surfcamp.com\/surfcamp-hendaye\/\" target=\"\" rel=\"noopener\" class=\"ls-cta__link\">\n\n\t\t<div class=\"ls-cta__image\"><img decoding=\"async\" src=\"https:\/\/aparra-surfcamp.com\/wp-content\/uploads\/2023\/05\/surfcamp-hendaye-768x960.webp\" alt=\"Surfcamp Hendaya\"><\/div>\n\t\t<div class=\"ls-cta__title\">\n\t\t\tHendaye\t\t<\/div>\n\n\t\t\t\t\n\t<\/a>\n\n<\/div>\n\n\n\n\n    <div class=\"ls-cta cta-carte\" data-lat=\"43.40829\" data-long=\"-1.63621\">\n\t<a href=\"https:\/\/aparra-surfcamp.com\/surfcamp-saint-jean-de-luz\/\" target=\"\" rel=\"noopener\" class=\"ls-cta__link\">\n\n\t\t<div class=\"ls-cta__image\"><img decoding=\"async\" src=\"https:\/\/aparra-surfcamp.com\/wp-content\/uploads\/2023\/05\/aparra-le-village-surfcamp-au-pays-basque-768x960.webp\" alt=\"Surf Camp Saint Jean de Luz\"><\/div>\n\t\t<div class=\"ls-cta__title\">\n\t\t\tSaint Jean de Luz\t\t<\/div>\n\n\t\t\t\t\n\t<\/a>\n\n<\/div>\n\n<\/div>\n<\/div>\n<\/div>\n\n\n\n<div class=\"wp-block-column map-container is-layout-flow wp-block-column-is-layout-flow\" style=\"flex-basis:40%\">\n<div id=\"carte\"><\/div>\n<\/div>\n<\/div>\n\n\r\n    <\/div>\r\n<\/section><section id=\"ls-section-block_fe3e52430f02c15bca40be705dcf8566\" class=\"ls-section  home-hebergements has-p-t p-t-0\" >\r\n        <div class=\"container container--wide\">\r\n        \n\n<div class=\"wp-block-columns is-layout-flex wp-container-core-columns-is-layout-9d6595d7 wp-block-columns-is-layout-flex\">\n<div class=\"wp-block-column is-vertically-aligned-center left is-layout-flow wp-block-column-is-layout-flow\" style=\"flex-basis:30%\">\n<h2 class=\"ls__heading wp-block-heading\">Al\u00f3jate en un<br\/>alojamiento diferente cerca del oc\u00e9ano Atl\u00e1ntico<\/h2>\n\n\n\n<p class=\"ls-paragraph\">\u00a1Disfruta de una estancia inolvidable en uno de nuestros <a href=\"https:\/\/aparra-surfcamp.com\/es\/alquiler-atipico-pais-vasco\/\">alojamientos originales!<\/a><\/p>\n\n\n\n<p class=\"ls-paragraph\">Podr\u00e1s elegir entre una caravana vintage de los a\u00f1os 70 totalmente renovada con un estilo hippie chic, una tienda Cocoon para familias o parejas, una caba\u00f1a fabricada \u00edntegramente en madera o una tienda dormitorio mixta para presupuestos ajustados.<\/p>\n\n\n\n<p class=\"ls-paragraph\">Disfruta de una experiencia \u00fanica de glamping en el Pa\u00eds Vasco o en las Landas: \u00a1te espera una estancia inolvidable llena de descubrimientos!<\/p>\n\n\n\n<link href=\"https:\/\/fonts.googleapis.com\/css2?family=Montserrat&#038;display=swap\" rel=\"stylesheet\"\/>\n\n<div style=\"display: flex; gap: 2rem; justify-content : center; margin-top: 50px;\">\n<div style=\"display: flex; flex-direction: column; justify-content: center; align-items: center; gap: 15px;\">\n  <img decoding=\"async\" style=\"width: 50px;\" src=\"https:\/\/aparra-surfcamp.com\/wp-content\/uploads\/2023\/05\/reservvation.svg\"\/>\n  <span style=\"text-align: center; font-family: 'Montserrat'; font-size: 13px;\">\n Reservas por<br\/>noche disponibles\n  <\/span>\n<\/div>\n\n<div style=\"display: flex; flex-direction: column; justify-content: center; align-items: center; gap: 15px; padding-top: 20px;\">\n  <img decoding=\"async\" style=\"width: 100px;\" src=\"https:\/\/aparra-surfcamp.com\/wp-content\/uploads\/2023\/05\/annulation.svg\"\/>\n  <span style=\"text-align: center; font-family: 'Montserrat'; font-size: 13px;\">\n Cancelaci\u00f3n hasta<br\/>7 d\u00edas antes\n  <\/span>\n<\/div>\n<\/div>\n<\/div>\n\n\n\n<div class=\"wp-block-column right is-layout-flow wp-block-column-is-layout-flow\" style=\"flex-basis:70%\"><div id=\"ls-cta-block_6d1b58ee5c0507671d2b80bb5bf5f55e\" class=\"ls-cta animated fadeIn delay-100ms slow\">  \n    \n\n<a href=\"https:\/\/aparra-surfcamp.com\/es\/alquiler-atipico-pais-vasco\/#caravane\" target=\"\" rel=\"noopener\" class=\"ls-cta__link\">\n\n\t<div class=\"ls-cta__image\"><img decoding=\"async\" src=\"https:\/\/aparra-surfcamp.com\/wp-content\/uploads\/2024\/05\/3-768x512.jpg\" alt=\"3\"><\/div>\n\t<div class=\"ls-cta__title\">\n\t\t<p>Caravanas<br \/>\nDe \u00e9poca<\/p>\n\t<\/div>\n\n\t\t\n<\/a><\/div>\n\n<div id=\"ls-cta-block_f1309948eba360009573728922ad0416\" class=\"ls-cta animated fadeIn delay-200ms slow\">  \n    \n\n<a href=\"https:\/\/aparra-surfcamp.com\/es\/alquiler-atipico-pais-vasco\/#tente-cocoon\" target=\"\" rel=\"noopener\" class=\"ls-cta__link\">\n\n\t<div class=\"ls-cta__image\"><img decoding=\"async\" src=\"https:\/\/aparra-surfcamp.com\/wp-content\/uploads\/2023\/05\/DORTOIR6-2-1-768x512.jpg\" alt=\"DORTOIR6 (2)\"><\/div>\n\t<div class=\"ls-cta__title\">\n\t\t<p>Tiendas de campa\u00f1a<br \/>\nCocoon<\/p>\n\t<\/div>\n\n\t\t\n<\/a><\/div>\n\n<div id=\"ls-cta-block_71a49d0f51b17764165a11fee0928247\" class=\"ls-cta animated fadeIn delay-100ms slow\">  \n    \n\n<a href=\"https:\/\/aparra-surfcamp.com\/es\/alquiler-atipico-pais-vasco\/#cabanon-tipi\" target=\"\" rel=\"noopener\" class=\"ls-cta__link\">\n\n\t<div class=\"ls-cta__image\"><img decoding=\"async\" src=\"https:\/\/aparra-surfcamp.com\/wp-content\/uploads\/2023\/05\/cabanon-tipi-1-768x534.webp\" alt=\"Cobertizo de Tippi\"><\/div>\n\t<div class=\"ls-cta__title\">\n\t\t<p>Caba\u00f1a<br \/>\nTipi<\/p>\n\t<\/div>\n\n\t\t\n<\/a><\/div>\n\n<div id=\"ls-cta-block_2e8ace558689760b8351ec658f333e31\" class=\"ls-cta animated fadeIn delay-200ms slow\">  \n    \n\n<a href=\"https:\/\/aparra-surfcamp.com\/es\/alquiler-atipico-pais-vasco\/#dortoir\" target=\"\" rel=\"noopener\" class=\"ls-cta__link\">\n\n\t<div class=\"ls-cta__image\"><img decoding=\"async\" src=\"https:\/\/aparra-surfcamp.com\/wp-content\/uploads\/2024\/03\/photo-CAPBRETON-logement-768x576.jpg\" alt=\"photo CAPBRETON logement\"><\/div>\n\t<div class=\"ls-cta__title\">\n\t\t<p>Nuestros<br \/>\nDormitorios<\/p>\n\t<\/div>\n\n\t\t\n<\/a><\/div><\/div>\n<\/div>\n\n\r\n    <\/div>\r\n<\/section><section id=\"ls-section-block_a73ea91295eb5f953d5778aaa194ca13\" class=\"ls-section  home-ocean text-center has-background has-color-3-background-color has-p-t p-t-14 has-p-b p-b-14\" >\r\n        <div class=\"container container--full\">\r\n        \n\n<div id=\"ls-heading ls-titre-div-block_0da75b9a7f25aea24a38849587a82123\" class=\"ls-titre-div deco icons nature aligncenter h2-like\" >\n    Cuidemos <\/br> juntos <strong>el oc\u00e9ano<\/strong><\/div>\n\n\n\n<div class=\"wp-block-columns first is-layout-flex wp-container-core-columns-is-layout-9d6595d7 wp-block-columns-is-layout-flex\">\n<div class=\"wp-block-column is-layout-flow wp-block-column-is-layout-flow\">\n<figure class=\"wp-block-image size-large animated fadeIn delay-100ms slow\"><img decoding=\"async\" width=\"1024\" height=\"511\" src=\"https:\/\/aparra-surfcamp.com\/wp-content\/uploads\/2023\/05\/surfcamp-ecoresponsable-1024x511.webp\" alt=\"Surfcamp eco-responsable\" class=\"wp-image-734\" srcset=\"https:\/\/aparra-surfcamp.com\/wp-content\/uploads\/2023\/05\/surfcamp-ecoresponsable-1024x511.webp 1024w, https:\/\/aparra-surfcamp.com\/wp-content\/uploads\/2023\/05\/surfcamp-ecoresponsable-300x150.webp 300w, https:\/\/aparra-surfcamp.com\/wp-content\/uploads\/2023\/05\/surfcamp-ecoresponsable-768x383.webp 768w, https:\/\/aparra-surfcamp.com\/wp-content\/uploads\/2023\/05\/surfcamp-ecoresponsable-1536x766.webp 1536w, https:\/\/aparra-surfcamp.com\/wp-content\/uploads\/2023\/05\/surfcamp-ecoresponsable.webp 2000w\" sizes=\"(max-width: 1024px) 100vw, 1024px\" \/><\/figure>\n\n\n\n<a href=\"https:\/\/aparra-surfcamp.com\/es\/surfcamp-ecologico-pais-vasco\/\" id=\"ls-button-block_499186ac6f83232f6e2c29c7e72dd98b\" target=\"\" rel=\"\" class=\"ls-button white aligncenter\" ><span>Descubre nuestro enfoque<\/span><\/a>\n<\/div>\n<\/div>\n\n\n\n<div class=\"wp-block-columns second is-layout-flex wp-container-core-columns-is-layout-9d6595d7 wp-block-columns-is-layout-flex\">\n<div class=\"wp-block-column has-color-white-background-color has-background is-layout-flow wp-block-column-is-layout-flow\">\n<h2 class=\"ls__heading wp-block-heading\">El compromiso ecol\u00f3gico de nuestros campamentos de surf en la costa atl\u00e1ntica<\/h2>\n\n\n\n<p class=\"ls-paragraph\">Nuestra idea ha sido crear un concepto para dar a conocer nuestras hermosas regiones, entre ellas el Pa\u00eds Vasco, sin dejar de tener en cuenta el impacto medioambiental de nuestra estructura y nuestros alojamientos.<\/p>\n\n\n\n<p class=\"ls-paragraph\">Por eso hemos decidido restaurar antiguas caravanas vintage, convertirlas en restaurantes y decorarlas con objetos de segunda mano de estilo retro.<\/p>\n<\/div>\n<\/div>\n\n\r\n    <\/div>\r\n<\/section><section id=\"ls-section-block_a509490f64c27e3e17e6efc1cc7b268d\" class=\"ls-section  home-ocean has-p-t p-t-14 has-p-b p-b-14\" >\r\n        <div class=\"container container--full\">\r\n        \n\n<div id=\"ls-heading ls-titre-div-block_16e7cf1db0e0edac597b4b78196e682d\" class=\"ls-titre-div deco icons hand aligncenter h2-like\" >\n    Aqu\u00ed tambi\u00e9n <\/br> est\u00e1 <strong>el esp\u00edritu de familia<\/strong><\/div>\n\n\n\n<div class=\"wp-block-columns first is-layout-flex wp-container-core-columns-is-layout-9d6595d7 wp-block-columns-is-layout-flex\">\n<div class=\"wp-block-column is-layout-flow wp-block-column-is-layout-flow\">\n<figure class=\"wp-block-image size-full animated fadeIn delay-100ms slower\"><img decoding=\"async\" width=\"2000\" height=\"998\" src=\"https:\/\/aparra-surfcamp.com\/wp-content\/uploads\/2023\/05\/surfcamp-biarritz-2.webp\" alt=\"Surfcamp Biarritz\" class=\"wp-image-730\" srcset=\"https:\/\/aparra-surfcamp.com\/wp-content\/uploads\/2023\/05\/surfcamp-biarritz-2.webp 2000w, https:\/\/aparra-surfcamp.com\/wp-content\/uploads\/2023\/05\/surfcamp-biarritz-2-300x150.webp 300w, https:\/\/aparra-surfcamp.com\/wp-content\/uploads\/2023\/05\/surfcamp-biarritz-2-1024x511.webp 1024w, https:\/\/aparra-surfcamp.com\/wp-content\/uploads\/2023\/05\/surfcamp-biarritz-2-768x383.webp 768w, https:\/\/aparra-surfcamp.com\/wp-content\/uploads\/2023\/05\/surfcamp-biarritz-2-1536x766.webp 1536w\" sizes=\"(max-width: 2000px) 100vw, 2000px\" \/><\/figure>\n\n\n\n<a href=\"https:\/\/aparra-surfcamp.com\/es\/surfcamp-ecologico-pais-vasco\/\" id=\"ls-button-block_76593ad7a68d6ead12af01f2d255ee25\" target=\"\" rel=\"\" class=\"ls-button white aligncenter\" ><span>Descubre el esp\u00edritu Surfcamp<\/span><\/a>\n<\/div>\n<\/div>\n\n\n\n<div class=\"wp-block-columns second is-layout-flex wp-container-core-columns-is-layout-9d6595d7 wp-block-columns-is-layout-flex\">\n<div class=\"wp-block-column has-color-white-background-color has-background is-layout-flow wp-block-column-is-layout-flow\">\n<h2 class=\"ls__heading wp-block-heading\">Surfcamp: <strong>un esp\u00edritu de familia<\/strong><\/h2>\n\n\n\n<p class=\"ls-paragraph\">Nuestros glamping surfcamps son el lugar ideal para disfrutar de <strong>un ambiente c\u00e1lido, acogedor y relajado<\/strong>. <\/p>\n\n\n\n<p class=\"ls-paragraph\">Tanto si vienes solo, en familia, en pareja o con amigos, te ofrecemos unas preciosas vacaciones en la costa vasca, entre surf, senderismo y descubriendo la cultura vasca.<\/p>\n\n\n\n<p class=\"ls-paragraph\">\u00a1\u00danete a nosotros para una <strong>experiencia \u00fanica<\/strong> y <strong>comparte momentos inolvidables con nosotros<\/strong> !<\/p>\n<\/div>\n\n\n\n<div class=\"wp-block-column is-layout-flow wp-block-column-is-layout-flow\"><\/div>\n<\/div>\n\n\r\n    <\/div>\r\n<\/section><section id=\"ls-section-block_6ece0e5a13c760facf307f4ccf8f53fb\" class=\"ls-section  home-one deco surfer\" >\r\n        <div class=\"container container--wide\">\r\n        \n\n<div class=\"wp-block-columns is-layout-flex wp-container-core-columns-is-layout-9d6595d7 wp-block-columns-is-layout-flex\">\n<div class=\"wp-block-column first is-layout-flow wp-block-column-is-layout-flow\"><div id=\"ls-cta-block_fd6198af8c9500ddcf288d81213b7fdb\" class=\"ls-cta animated fadeIn slow\">  \n    \n\n<a href=\"https:\/\/aparra-surfcamp.com\/es\/noticias\/cours-de-surf-hendaye\/\" target=\"\" rel=\"noopener\" class=\"ls-cta__link\">\n\n\t<div class=\"ls-cta__image\"><img decoding=\"async\" src=\"https:\/\/aparra-surfcamp.com\/wp-content\/uploads\/2023\/05\/apprendre-a-surfer-hendaye-1-768x525.webp\" alt=\"Aprende a surfear Hendaya\"><\/div>\n\t<div class=\"ls-cta__title\">\n\t\t<p>Iniciarse en el surf en<br \/>\nla playa de Hendaya<\/p>\n\t<\/div>\n\n\t\t\n<\/a><\/div><\/div>\n\n\n\n<div class=\"wp-block-column is-vertically-aligned-center third has-color-white-background-color has-background is-layout-flow wp-block-column-is-layout-flow\">\n<h2 class=\"ls__heading wp-block-heading\">\u00a1Surfea, <strong>vibra!<\/strong><\/h2>\n\n\n\n<p class=\"ls-paragraph\">Si usted es un principiante, iniciado o confirmado, tenemos el lugar que m\u00e1s le convenga!  <\/p>\n\n\n\n<p class=\"ls-paragraph\">Ap\u00fantate a una <a href=\"https:\/\/aparra-surfcamp.com\/es\/noticias\/cours-de-surf-hendaye\/\">clase de surf en Hendaya<\/a>, ya sea individual o en grupo, con una de nuestras escuelas colaboradoras, o simplemente disfruta de la belleza del oc\u00e9ano Atl\u00e1ntico mientras descubres los secretos de la cultura vasca.<\/p>\n<\/div>\n<\/div>\n\n\r\n    <\/div>\r\n<\/section><section id=\"ls-section-block_e0168b78ecfd4d8cbe1a2e029bfc168e\" class=\"ls-section  home-avis has-background-image has-background has-color-black-background-color has-p-t p-t-14 has-p-b p-b-14\" >\r\n    <div class=\"ls-section__background-image opacity-80\"><img decoding=\"async\" src=\"https:\/\/aparra-surfcamp.com\/wp-content\/uploads\/2023\/05\/surfcamp-biarritz-4.webp\" alt=\"Surfcamp Biarritz\"><\/div>    <div class=\"container container--wide\">\r\n        \n\n<div id=\"ls-heading ls-titre-div-block_aea1aaa9021fc5b4c236a8cff703f1bc\" class=\"ls-titre-div white aligncenter h2-like has-text-color has-color-white-color\" >\n    <strong>\u00bfY qu\u00e9 opinan nuestros clientes<\/strong> ?<\/div>\n\n\n<p><script defer async src='https:\/\/cdn.trustindex.io\/loader.js?e35077f6794e0524c50618e19b9'><\/script><\/p>\n\n\r\n    <\/div>\r\n<\/section><section id=\"ls-section-block_c303272581cd69e79ab49bbec8b9e805\" class=\"ls-section  home-instagram has-p-t p-t-14 has-p-b p-b-14\" >\r\n        <div class=\"container container--wide\">\r\n        \n\n<div id=\"ls-heading ls-titre-div-block_a0936b599dc575c7ad7bc88c7f2ed6b9\" class=\"ls-titre-div h2-like\" >\n    \u00danete a <\/br> <strong>nuestra comunidad<\/strong><\/div>\n\n\n<p><script defer async src='https:\/\/cdn.trustindex.io\/loader-feed.js?669ac7e67b313974e5161e2e4b9'><\/script><\/p>\n\n\r\n    <\/div>\r\n<\/section>","protected":false},"excerpt":{"rendered":"","protected":false},"author":1,"featured_media":0,"parent":0,"menu_order":0,"comment_status":"closed","ping_status":"closed","template":"","meta":{"_acf_changed":false,"inline_featured_image":false,"footnotes":""},"sujet":[],"class_list":["post-1874","page","type-page","status-publish","hentry"],"acf":[],"yoast_head":"<!-- This site is optimized with the Yoast SEO plugin v25.3 - https:\/\/yoast.com\/wordpress\/plugins\/seo\/ -->\n<title>Aparra Surfcamp | Surf Camp Pa\u00eds Vasco | Surf Camp Costa Vasca<\/title>\n<meta name=\"description\" content=\"Surf Camp en el Pa\u00eds Vasco. Alojamiento inusual con clases de surf y otras actividades. Duerme en una aut\u00e9ntica caravana vintage de los a\u00f1os 70 renovada.\" \/>\n<meta name=\"robots\" content=\"index, follow, max-snippet:-1, max-image-preview:large, max-video-preview:-1\" \/>\n<link rel=\"canonical\" href=\"https:\/\/aparra-surfcamp.com\/es\/\" \/>\n<meta property=\"og:locale\" content=\"es_ES\" \/>\n<meta property=\"og:type\" content=\"article\" \/>\n<meta property=\"og:title\" content=\"Aparra Surfcamp | Surf Camp Pa\u00eds Vasco | Surf Camp Costa Vasca\" \/>\n<meta property=\"og:description\" content=\"Surf Camp en el Pa\u00eds Vasco. Alojamiento inusual con clases de surf y otras actividades. Duerme en una aut\u00e9ntica caravana vintage de los a\u00f1os 70 renovada.\" \/>\n<meta property=\"og:url\" content=\"https:\/\/aparra-surfcamp.com\/es\/\" \/>\n<meta property=\"og:site_name\" content=\"Aparra Surfcamp\" \/>\n<meta property=\"article:modified_time\" content=\"2026-04-16T09:02:25+00:00\" \/>\n<meta property=\"og:image\" content=\"https:\/\/aparra-surfcamp.com\/wp-content\/uploads\/2023\/05\/aparra-le-village-surfcamp-au-naturel-1-1024x682.webp\" \/>\n<meta name=\"twitter:card\" content=\"summary_large_image\" \/>\n<meta name=\"twitter:label1\" content=\"Tiempo de lectura\" \/>\n\t<meta name=\"twitter:data1\" content=\"3 minutos\" \/>\n<script type=\"application\/ld+json\" class=\"yoast-schema-graph\">{\"@context\":\"https:\/\/schema.org\",\"@graph\":[{\"@type\":\"WebPage\",\"@id\":\"https:\/\/aparra-surfcamp.com\/es\/\",\"url\":\"https:\/\/aparra-surfcamp.com\/es\/\",\"name\":\"Aparra Surfcamp | Surf Camp Pa\u00eds Vasco | Surf Camp Costa Vasca\",\"isPartOf\":{\"@id\":\"https:\/\/aparra-surfcamp.com\/#website\"},\"primaryImageOfPage\":{\"@id\":\"https:\/\/aparra-surfcamp.com\/es\/#primaryimage\"},\"image\":{\"@id\":\"https:\/\/aparra-surfcamp.com\/es\/#primaryimage\"},\"thumbnailUrl\":\"https:\/\/aparra-surfcamp.com\/wp-content\/uploads\/2023\/05\/carte-cote-basque.webp\",\"datePublished\":\"2023-05-16T07:46:23+00:00\",\"dateModified\":\"2026-04-16T09:02:25+00:00\",\"description\":\"Surf Camp en el Pa\u00eds Vasco. Alojamiento inusual con clases de surf y otras actividades. Duerme en una aut\u00e9ntica caravana vintage de los a\u00f1os 70 renovada.\",\"breadcrumb\":{\"@id\":\"https:\/\/aparra-surfcamp.com\/es\/#breadcrumb\"},\"inLanguage\":\"es\",\"potentialAction\":[{\"@type\":\"ReadAction\",\"target\":[\"https:\/\/aparra-surfcamp.com\/es\/\"]}]},{\"@type\":\"ImageObject\",\"inLanguage\":\"es\",\"@id\":\"https:\/\/aparra-surfcamp.com\/es\/#primaryimage\",\"url\":\"https:\/\/aparra-surfcamp.com\/wp-content\/uploads\/2023\/05\/carte-cote-basque.webp\",\"contentUrl\":\"https:\/\/aparra-surfcamp.com\/wp-content\/uploads\/2023\/05\/carte-cote-basque.webp\"},{\"@type\":\"BreadcrumbList\",\"@id\":\"https:\/\/aparra-surfcamp.com\/es\/#breadcrumb\",\"itemListElement\":[{\"@type\":\"ListItem\",\"position\":1,\"name\":\"Surf Camp Pays Basque\",\"item\":\"https:\/\/aparra-surfcamp.com\/es\/\"},{\"@type\":\"ListItem\",\"position\":2,\"name\":\"Recepci\u00f3n\"}]},{\"@type\":\"WebSite\",\"@id\":\"https:\/\/aparra-surfcamp.com\/#website\",\"url\":\"https:\/\/aparra-surfcamp.com\/\",\"name\":\"Aparra Surfcamp\",\"description\":\"\",\"publisher\":{\"@id\":\"https:\/\/aparra-surfcamp.com\/#organization\"},\"potentialAction\":[{\"@type\":\"SearchAction\",\"target\":{\"@type\":\"EntryPoint\",\"urlTemplate\":\"https:\/\/aparra-surfcamp.com\/?s={search_term_string}\"},\"query-input\":{\"@type\":\"PropertyValueSpecification\",\"valueRequired\":true,\"valueName\":\"search_term_string\"}}],\"inLanguage\":\"es\"},{\"@type\":\"Organization\",\"@id\":\"https:\/\/aparra-surfcamp.com\/#organization\",\"name\":\"Aparra Surfcamp\",\"url\":\"https:\/\/aparra-surfcamp.com\/\",\"logo\":{\"@type\":\"ImageObject\",\"inLanguage\":\"es\",\"@id\":\"https:\/\/aparra-surfcamp.com\/#\/schema\/logo\/image\/\",\"url\":\"https:\/\/aparra-surfcamp.com\/wp-content\/uploads\/2023\/05\/logo-aparra-surfsamp.webp\",\"contentUrl\":\"https:\/\/aparra-surfcamp.com\/wp-content\/uploads\/2023\/05\/logo-aparra-surfsamp.webp\",\"width\":500,\"height\":500,\"caption\":\"Aparra Surfcamp\"},\"image\":{\"@id\":\"https:\/\/aparra-surfcamp.com\/#\/schema\/logo\/image\/\"}}]}<\/script>\n<!-- \/ Yoast SEO plugin. -->","yoast_head_json":{"title":"Aparra Surfcamp | Surf Camp Pa\u00eds Vasco | Surf Camp Costa Vasca","description":"Surf Camp en el Pa\u00eds Vasco. Alojamiento inusual con clases de surf y otras actividades. Duerme en una aut\u00e9ntica caravana vintage de los a\u00f1os 70 renovada.","robots":{"index":"index","follow":"follow","max-snippet":"max-snippet:-1","max-image-preview":"max-image-preview:large","max-video-preview":"max-video-preview:-1"},"canonical":"https:\/\/aparra-surfcamp.com\/es\/","og_locale":"es_ES","og_type":"article","og_title":"Aparra Surfcamp | Surf Camp Pa\u00eds Vasco | Surf Camp Costa Vasca","og_description":"Surf Camp en el Pa\u00eds Vasco. Alojamiento inusual con clases de surf y otras actividades. Duerme en una aut\u00e9ntica caravana vintage de los a\u00f1os 70 renovada.","og_url":"https:\/\/aparra-surfcamp.com\/es\/","og_site_name":"Aparra Surfcamp","article_modified_time":"2026-04-16T09:02:25+00:00","og_image":[{"url":"https:\/\/aparra-surfcamp.com\/wp-content\/uploads\/2023\/05\/aparra-le-village-surfcamp-au-naturel-1-1024x682.webp","type":"","width":"","height":""}],"twitter_card":"summary_large_image","twitter_misc":{"Tiempo de lectura":"3 minutos"},"schema":{"@context":"https:\/\/schema.org","@graph":[{"@type":"WebPage","@id":"https:\/\/aparra-surfcamp.com\/es\/","url":"https:\/\/aparra-surfcamp.com\/es\/","name":"Aparra Surfcamp | Surf Camp Pa\u00eds Vasco | Surf Camp Costa Vasca","isPartOf":{"@id":"https:\/\/aparra-surfcamp.com\/#website"},"primaryImageOfPage":{"@id":"https:\/\/aparra-surfcamp.com\/es\/#primaryimage"},"image":{"@id":"https:\/\/aparra-surfcamp.com\/es\/#primaryimage"},"thumbnailUrl":"https:\/\/aparra-surfcamp.com\/wp-content\/uploads\/2023\/05\/carte-cote-basque.webp","datePublished":"2023-05-16T07:46:23+00:00","dateModified":"2026-04-16T09:02:25+00:00","description":"Surf Camp en el Pa\u00eds Vasco. Alojamiento inusual con clases de surf y otras actividades. Duerme en una aut\u00e9ntica caravana vintage de los a\u00f1os 70 renovada.","breadcrumb":{"@id":"https:\/\/aparra-surfcamp.com\/es\/#breadcrumb"},"inLanguage":"es","potentialAction":[{"@type":"ReadAction","target":["https:\/\/aparra-surfcamp.com\/es\/"]}]},{"@type":"ImageObject","inLanguage":"es","@id":"https:\/\/aparra-surfcamp.com\/es\/#primaryimage","url":"https:\/\/aparra-surfcamp.com\/wp-content\/uploads\/2023\/05\/carte-cote-basque.webp","contentUrl":"https:\/\/aparra-surfcamp.com\/wp-content\/uploads\/2023\/05\/carte-cote-basque.webp"},{"@type":"BreadcrumbList","@id":"https:\/\/aparra-surfcamp.com\/es\/#breadcrumb","itemListElement":[{"@type":"ListItem","position":1,"name":"Surf Camp Pays Basque","item":"https:\/\/aparra-surfcamp.com\/es\/"},{"@type":"ListItem","position":2,"name":"Recepci\u00f3n"}]},{"@type":"WebSite","@id":"https:\/\/aparra-surfcamp.com\/#website","url":"https:\/\/aparra-surfcamp.com\/","name":"Aparra Surfcamp","description":"","publisher":{"@id":"https:\/\/aparra-surfcamp.com\/#organization"},"potentialAction":[{"@type":"SearchAction","target":{"@type":"EntryPoint","urlTemplate":"https:\/\/aparra-surfcamp.com\/?s={search_term_string}"},"query-input":{"@type":"PropertyValueSpecification","valueRequired":true,"valueName":"search_term_string"}}],"inLanguage":"es"},{"@type":"Organization","@id":"https:\/\/aparra-surfcamp.com\/#organization","name":"Aparra Surfcamp","url":"https:\/\/aparra-surfcamp.com\/","logo":{"@type":"ImageObject","inLanguage":"es","@id":"https:\/\/aparra-surfcamp.com\/#\/schema\/logo\/image\/","url":"https:\/\/aparra-surfcamp.com\/wp-content\/uploads\/2023\/05\/logo-aparra-surfsamp.webp","contentUrl":"https:\/\/aparra-surfcamp.com\/wp-content\/uploads\/2023\/05\/logo-aparra-surfsamp.webp","width":500,"height":500,"caption":"Aparra Surfcamp"},"image":{"@id":"https:\/\/aparra-surfcamp.com\/#\/schema\/logo\/image\/"}}]}},"_links":{"self":[{"href":"https:\/\/aparra-surfcamp.com\/es\/wp-json\/wp\/v2\/pages\/1874","targetHints":{"allow":["GET"]}}],"collection":[{"href":"https:\/\/aparra-surfcamp.com\/es\/wp-json\/wp\/v2\/pages"}],"about":[{"href":"https:\/\/aparra-surfcamp.com\/es\/wp-json\/wp\/v2\/types\/page"}],"author":[{"embeddable":true,"href":"https:\/\/aparra-surfcamp.com\/es\/wp-json\/wp\/v2\/users\/1"}],"replies":[{"embeddable":true,"href":"https:\/\/aparra-surfcamp.com\/es\/wp-json\/wp\/v2\/comments?post=1874"}],"version-history":[{"count":37,"href":"https:\/\/aparra-surfcamp.com\/es\/wp-json\/wp\/v2\/pages\/1874\/revisions"}],"predecessor-version":[{"id":4688,"href":"https:\/\/aparra-surfcamp.com\/es\/wp-json\/wp\/v2\/pages\/1874\/revisions\/4688"}],"wp:attachment":[{"href":"https:\/\/aparra-surfcamp.com\/es\/wp-json\/wp\/v2\/media?parent=1874"}],"wp:term":[{"taxonomy":"sujet","embeddable":true,"href":"https:\/\/aparra-surfcamp.com\/es\/wp-json\/wp\/v2\/sujet?post=1874"}],"curies":[{"name":"wp","href":"https:\/\/api.w.org\/{rel}","templated":true}]}}