{"id":1825,"date":"2023-05-16T10:41:31","date_gmt":"2023-05-16T08:41:31","guid":{"rendered":"https:\/\/aparra-surfcamp.com\/surfcampg-familia-pais-vasco\/"},"modified":"2023-06-14T15:18:54","modified_gmt":"2023-06-14T13:18:54","slug":"surfcampg-familia-pais-vasco","status":"publish","type":"page","link":"https:\/\/aparra-surfcamp.com\/es\/surfcampg-familia-pais-vasco\/","title":{"rendered":"Cocina &amp; co"},"content":{"rendered":"<section id=\"ls-section-block_7f51ddd58e9a71bed4f6849c095b72e3\" class=\"ls-section  page-one deco palm\" >\r\n        <div class=\"container container--wide\">\r\n        \n\n<div class=\"wp-block-columns is-layout-flex wp-container-core-columns-is-layout-9d6595d7 wp-block-columns-is-layout-flex\">\n<div class=\"wp-block-column image is-layout-flow wp-block-column-is-layout-flow\" style=\"flex-basis:60%\">\n<figure class=\"wp-block-image size-full animated fadeIn delay-100ms slow\"><img decoding=\"async\" width=\"1000\" height=\"750\" src=\"https:\/\/aparra-surfcamp.com\/wp-content\/uploads\/2023\/05\/cuisine-surfcamp-pays-basque.webp\" alt=\"Gastronom&#xED;a Surfcamp Pa&#xED;s Vasco\" class=\"wp-image-1408\" srcset=\"https:\/\/aparra-surfcamp.com\/wp-content\/uploads\/2023\/05\/cuisine-surfcamp-pays-basque.webp 1000w, https:\/\/aparra-surfcamp.com\/wp-content\/uploads\/2023\/05\/cuisine-surfcamp-pays-basque-300x225.webp 300w, https:\/\/aparra-surfcamp.com\/wp-content\/uploads\/2023\/05\/cuisine-surfcamp-pays-basque-768x576.webp 768w\" sizes=\"(max-width: 1000px) 100vw, 1000px\" \/><\/figure>\n<\/div>\n\n\n\n<div class=\"wp-block-column text is-layout-flow wp-block-column-is-layout-flow\" style=\"flex-basis:40%\">\n<h1 class=\"ls__heading wp-block-heading has-text-align-left deco\">Estancia familiar en el <strong>surfcamp en el Pa\u00eds Vasco<\/strong><\/h1>\n\n\n\n<h2 class=\"ls__heading wp-block-heading\"><strong>La cocina com\u00fan<\/strong> para momentos de compartir<\/h2>\n\n\n\n<p class=\"ls-paragraph\"><a href=\"https:\/\/aparra-surfcamp.com\/es\/\">Aparra surfcamp<\/a> pone a tu disposici\u00f3n un espacio com\u00fan para discutir buenas ofertas, discutir una sesi\u00f3n de surf o preparar una buena comida para recuperar energ\u00edas.<\/p>\n\n\n\n<p class=\"ls-paragraph\">Disfruta de una <strong>cocina<\/strong> amplia y <strong>totalmente equipada<\/strong> que te permitir\u00e1 preparar deliciosas comidas como si estuvieras en casa.  <\/p>\n\n\n\n<p class=\"ls-paragraph\"><strong>Equipamiento disponible<\/strong> : horno, neveras, vitrocer\u00e1mica, microondas, cafetera, hervidor de agua, utensilios de cocina, sartenes, ollas, platos, cubiertos, vasos&#8230;<\/p>\n\n\n\n<p class=\"ls-paragraph\">Un <strong>comedor<\/strong> con una gran mesa de madera y una gran terraza lounge  <\/p>\n<\/div>\n<\/div>\n\n\r\n    <\/div>\r\n<\/section><section id=\"ls-section-block_1bb53295d245b5135d6e28fb5194c0ed\" class=\"ls-section  home-ocean has-background has-color-3-background-color has-p-t p-t-14 has-p-b p-b-14\" >\r\n        <div class=\"container container--full\">\r\n        \n\n<div class=\"wp-block-columns first is-layout-flex wp-container-core-columns-is-layout-9d6595d7 wp-block-columns-is-layout-flex\">\n<div class=\"wp-block-column is-layout-flow wp-block-column-is-layout-flow\">\n<figure class=\"wp-block-image size-full\"><img decoding=\"async\" width=\"2000\" height=\"901\" src=\"https:\/\/aparra-surfcamp.com\/wp-content\/uploads\/2023\/05\/surfcamp-familial-pays-basque-4.webp\" alt=\"Familia Surfcamp Pa&#xED;s Vasco\" class=\"wp-image-1435\" srcset=\"https:\/\/aparra-surfcamp.com\/wp-content\/uploads\/2023\/05\/surfcamp-familial-pays-basque-4.webp 2000w, https:\/\/aparra-surfcamp.com\/wp-content\/uploads\/2023\/05\/surfcamp-familial-pays-basque-4-300x135.webp 300w, https:\/\/aparra-surfcamp.com\/wp-content\/uploads\/2023\/05\/surfcamp-familial-pays-basque-4-1024x461.webp 1024w, https:\/\/aparra-surfcamp.com\/wp-content\/uploads\/2023\/05\/surfcamp-familial-pays-basque-4-768x346.webp 768w, https:\/\/aparra-surfcamp.com\/wp-content\/uploads\/2023\/05\/surfcamp-familial-pays-basque-4-1536x692.webp 1536w\" sizes=\"(max-width: 2000px) 100vw, 2000px\" \/><\/figure>\n<\/div>\n<\/div>\n\n\n\n<div class=\"wp-block-columns second is-layout-flex wp-container-core-columns-is-layout-9d6595d7 wp-block-columns-is-layout-flex\">\n<div class=\"wp-block-column is-layout-flow wp-block-column-is-layout-flow\"><\/div>\n\n\n\n<div class=\"wp-block-column has-color-white-background-color has-background is-layout-flow wp-block-column-is-layout-flow\">\n<h2 class=\"ls__heading wp-block-heading has-text-align-left deco icons nature\">Recepci\u00f3n  <br\/><strong>del Surf Camp<\/strong><\/h2>\n\n\n\n<p class=\"ls-paragraph\">La recepci\u00f3n del surfcamp es <strong>independiente<\/strong> de la del camping.  <\/p>\n\n\n\n<p class=\"ls-paragraph\">Cuando llegue al camping, p\u00f3ngase en contacto con Hendaya 07 61 <strong>27 93 80<\/strong> y con <strong>San Juan de Luz 06 12 56 61 15<\/strong> para obtener orientaci\u00f3n.  <\/p>\n\n\n\n<p class=\"ls-paragraph\"><strong>El check-in se efect\u00faa entre las 17:00 y las 21:00.<\/strong>  Si tiene previsto llegar fuera de este horario, por favor h\u00e1ganoslo saber.  <\/p>\n\n\n\n<p class=\"ls-paragraph\">El d\u00eda de salida, el alojamiento debe quedar libre a las 11:00 a.m. como m\u00e1ximo.  <\/p>\n\n\n\n<p class=\"ls-paragraph\">Para cualquier consulta y en cualquier momento, puede contactar al 07 61 27 93 80 o 06 12 56 61 15. <\/p>\n<\/div>\n<\/div>\n\n\r\n    <\/div>\r\n<\/section><section id=\"ls-section-block_eb85ddea29dbc2c06a49e04b74a68d8c\" class=\"ls-section  page-two deco left wave-02 has-p-t p-t-14 has-p-b p-b-14\" >\r\n        <div class=\"container container--full\">\r\n        \n\n<div class=\"wp-block-columns is-layout-flex wp-container-core-columns-is-layout-9d6595d7 wp-block-columns-is-layout-flex\">\n<div class=\"wp-block-column is-vertically-aligned-center text has-color-3-background-color has-background is-layout-flow wp-block-column-is-layout-flow\">\n<h2 class=\"ls__heading wp-block-heading\"><strong>La sala de estar<\/strong> : su espacio de capullo<\/h2>\n\n\n\n<p class=\"ls-paragraph has-color-white-color has-color-1-background-color has-text-color has-background\">En un sal\u00f3n acogedor y acogedor, encontrar\u00e1 una <strong>biblioteca<\/strong> y juegos de <strong>mesa<\/strong> para entretenerlo.  <br\/>Una guitarra tambi\u00e9n est\u00e1 disponible para disfrutar de una dulce velada al ritmo de las cuerdas de la <strong>guitarra<\/strong><\/p>\n<\/div>\n\n\n\n<div class=\"wp-block-column image is-layout-flow wp-block-column-is-layout-flow\">\n<figure class=\"wp-block-image size-large animated fadeInUp slow\"><a href=\"https:\/\/aparra-surfcamp.com\/wp-content\/uploads\/2023\/05\/espace-cocooning.webp\"><img decoding=\"async\" width=\"768\" height=\"1024\" src=\"https:\/\/aparra-surfcamp.com\/wp-content\/uploads\/2023\/05\/espace-cocooning-768x1024.webp\" alt=\"Espacio de capullo\" class=\"wp-image-1406\" srcset=\"https:\/\/aparra-surfcamp.com\/wp-content\/uploads\/2023\/05\/espace-cocooning-768x1024.webp 768w, https:\/\/aparra-surfcamp.com\/wp-content\/uploads\/2023\/05\/espace-cocooning-225x300.webp 225w, https:\/\/aparra-surfcamp.com\/wp-content\/uploads\/2023\/05\/espace-cocooning.webp 1000w\" sizes=\"(max-width: 768px) 100vw, 768px\" \/><\/a><\/figure>\n<\/div>\n\n\n\n<div class=\"wp-block-column image is-layout-flow wp-block-column-is-layout-flow\">\n<figure class=\"wp-block-image size-large animated fadeInUp delay-200ms slow\"><a href=\"https:\/\/aparra-surfcamp.com\/wp-content\/uploads\/2023\/05\/cuisine-surfcamp.webp\"><img decoding=\"async\" width=\"948\" height=\"1024\" src=\"https:\/\/aparra-surfcamp.com\/wp-content\/uploads\/2023\/05\/cuisine-surfcamp-948x1024.webp\" alt=\"Cocina Surfcamp\" class=\"wp-image-1410\" srcset=\"https:\/\/aparra-surfcamp.com\/wp-content\/uploads\/2023\/05\/cuisine-surfcamp-948x1024.webp 948w, https:\/\/aparra-surfcamp.com\/wp-content\/uploads\/2023\/05\/cuisine-surfcamp-278x300.webp 278w, https:\/\/aparra-surfcamp.com\/wp-content\/uploads\/2023\/05\/cuisine-surfcamp-768x829.webp 768w, https:\/\/aparra-surfcamp.com\/wp-content\/uploads\/2023\/05\/cuisine-surfcamp.webp 1000w\" sizes=\"(max-width: 948px) 100vw, 948px\" \/><\/a><figcaption class=\"wp-element-caption\">Observatorio Castillo Abbadia<\/figcaption><\/figure>\n<\/div>\n<\/div>\n\n\r\n    <\/div>\r\n<\/section><section id=\"ls-section-block_e450c42b47014c9d57aa9b08e724d106\" class=\"ls-section  page-one deco palm has-background has-color-3-background-color has-m-t m-t-6 has-m-b m-b-5\" >\r\n        <div class=\"container \">\r\n        \n\n<h2 class=\"ls__heading wp-block-heading has-text-align-center\"><strong>Instalaciones sanitarias<\/strong><\/h2>\n\n\n\n<p class=\"ls-paragraph has-text-align-center\">Las <strong>instalaciones sanitarias del camping<\/strong>, con arquitectura t\u00edpica vasca, se encuentran cerca del alojamiento y de la zona com\u00fan.  <\/p>\n\n\n\n<p class=\"ls-paragraph has-text-align-center\">Encontrar\u00e1 en el lado derecho del edificio fregaderos para lavar los platos y en los fregaderos izquierdos para limpiar su ropa o una lavander\u00eda con lavadora y secadora (de pago).<\/p>\n\n\r\n    <\/div>\r\n<\/section><section id=\"ls-section-block_dcd9c10d32d48b1cf6a1bdec635eb147\" class=\"ls-section  page-maillage deco surf has-p-t p-t-8 has-p-b p-b-14\" >\r\n        <div class=\"container container--wide\">\r\n        \n\n<div id=\"ls-heading ls-titre-div-block_3e21e051f88453fadc7be129274cf214\" class=\"ls-titre-div h2-like has-m-b m-b-8\" >\n    Descubre nuestro Surf Camp <\/br><strong>en Hendaya y San Juan de Luz<\/strong> <\/div>\n\n\n<div id=\"ls-maillage-block_fb18736e6f03390ded9dcf7b0ecaf313\" class=\"ls-maillage cta-style-normal\" data-rows=\"3\">\r\n    <div class=\"wp-block-columns\"><div class=\"wp-block-column\">\n\n<a href=\"https:\/\/aparra-surfcamp.com\/es\/surfcamp-hendaya\/\" target=\"\" rel=\"noopener\" class=\"ls-cta__link\">\n\n\t<div class=\"ls-cta__image\"><img decoding=\"async\" src=\"https:\/\/aparra-surfcamp.com\/wp-content\/uploads\/2023\/05\/surfcamp-hendaye-768x960.webp\" alt=\"Surfcamp Hendaya\"><\/div>\n\t<div class=\"ls-cta__title\">\n\t\tSurfcamp <br><strong>Hendaye<\/strong>\t<\/div>\n\n\t\t\n<\/a><\/div><div class=\"wp-block-column\">\n\n<a href=\"https:\/\/aparra-surfcamp.com\/es\/surfcamp-ecologico-pais-vasco\/\" target=\"\" rel=\"noopener\" class=\"ls-cta__link\">\n\n\t<div class=\"ls-cta__image\"><img decoding=\"async\" src=\"https:\/\/aparra-surfcamp.com\/wp-content\/uploads\/2023\/05\/vacances-surfcamp-biarritz-768x1024.webp\" alt=\"Vacaciones Surfcamp Biarritz\"><\/div>\n\t<div class=\"ls-cta__title\">\n\t\t\u00bfQui\u00e9nes <\/br><strong>somos<\/strong>?\t<\/div>\n\n\t\t\n<\/a><\/div><div class=\"wp-block-column\">\n\n<a href=\"https:\/\/aparra-surfcamp.com\/es\/surfcamp-saint-jean-de-luz\/\" target=\"\" rel=\"noopener\" class=\"ls-cta__link\">\n\n\t<div class=\"ls-cta__image\"><img decoding=\"async\" src=\"https:\/\/aparra-surfcamp.com\/wp-content\/uploads\/2023\/05\/surfcamp-saint-jean-de-luz-2-768x949.webp\" alt=\"Surfcamp Saint Jean de Luz\"><\/div>\n\t<div class=\"ls-cta__title\">\n\t\tSurfcamp <\/br><strong>Saint-Jean-de-Luz<\/strong>\t<\/div>\n\n\t\t\n<\/a><\/div><\/div><\/div>\n\r\n    <\/div>\r\n<\/section>","protected":false},"excerpt":{"rendered":"","protected":false},"author":1,"featured_media":1801,"parent":0,"menu_order":0,"comment_status":"closed","ping_status":"closed","template":"","meta":{"_acf_changed":false,"inline_featured_image":false,"footnotes":""},"sujet":[],"class_list":["post-1825","page","type-page","status-publish","has-post-thumbnail","hentry"],"acf":[],"yoast_head":"<!-- This site is optimized with the Yoast SEO plugin v25.3 - https:\/\/yoast.com\/wordpress\/plugins\/seo\/ -->\n<title>Surfcamp familiar en el Pa\u00eds Vasco | Zona com\u00fan de Surfcamp<\/title>\n<meta name=\"robots\" content=\"index, follow, max-snippet:-1, max-image-preview:large, max-video-preview:-1\" \/>\n<link rel=\"canonical\" href=\"https:\/\/aparra-surfcamp.com\/es\/surfcampg-familia-pais-vasco\/\" \/>\n<meta property=\"og:locale\" content=\"es_ES\" \/>\n<meta property=\"og:type\" content=\"article\" \/>\n<meta property=\"og:title\" content=\"Surfcamp familiar en el Pa\u00eds Vasco | Zona com\u00fan de Surfcamp\" \/>\n<meta property=\"og:url\" content=\"https:\/\/aparra-surfcamp.com\/es\/surfcampg-familia-pais-vasco\/\" \/>\n<meta property=\"og:site_name\" content=\"Aparra Surfcamp\" \/>\n<meta property=\"article:modified_time\" content=\"2023-06-14T13:18:54+00:00\" \/>\n<meta property=\"og:image\" content=\"https:\/\/aparra-surfcamp.com\/wp-content\/uploads\/2023\/06\/surfcamp-familial-hendaye.jpg\" \/>\n\t<meta property=\"og:image:width\" content=\"2000\" \/>\n\t<meta property=\"og:image:height\" content=\"865\" \/>\n\t<meta property=\"og:image:type\" content=\"image\/jpeg\" \/>\n<meta name=\"twitter:card\" content=\"summary_large_image\" \/>\n<meta name=\"twitter:label1\" content=\"Tiempo de lectura\" \/>\n\t<meta name=\"twitter:data1\" content=\"3 minutos\" \/>\n<script type=\"application\/ld+json\" class=\"yoast-schema-graph\">{\"@context\":\"https:\/\/schema.org\",\"@graph\":[{\"@type\":\"WebPage\",\"@id\":\"https:\/\/aparra-surfcamp.com\/es\/surfcampg-familia-pais-vasco\/\",\"url\":\"https:\/\/aparra-surfcamp.com\/es\/surfcampg-familia-pais-vasco\/\",\"name\":\"Surfcamp familiar en el Pa\u00eds Vasco | Zona com\u00fan de Surfcamp\",\"isPartOf\":{\"@id\":\"https:\/\/aparra-surfcamp.com\/#website\"},\"primaryImageOfPage\":{\"@id\":\"https:\/\/aparra-surfcamp.com\/es\/surfcampg-familia-pais-vasco\/#primaryimage\"},\"image\":{\"@id\":\"https:\/\/aparra-surfcamp.com\/es\/surfcampg-familia-pais-vasco\/#primaryimage\"},\"thumbnailUrl\":\"https:\/\/aparra-surfcamp.com\/wp-content\/uploads\/2023\/06\/surfcamp-familial-hendaye.jpg\",\"datePublished\":\"2023-05-16T08:41:31+00:00\",\"dateModified\":\"2023-06-14T13:18:54+00:00\",\"breadcrumb\":{\"@id\":\"https:\/\/aparra-surfcamp.com\/es\/surfcampg-familia-pais-vasco\/#breadcrumb\"},\"inLanguage\":\"es\",\"potentialAction\":[{\"@type\":\"ReadAction\",\"target\":[\"https:\/\/aparra-surfcamp.com\/es\/surfcampg-familia-pais-vasco\/\"]}]},{\"@type\":\"ImageObject\",\"inLanguage\":\"es\",\"@id\":\"https:\/\/aparra-surfcamp.com\/es\/surfcampg-familia-pais-vasco\/#primaryimage\",\"url\":\"https:\/\/aparra-surfcamp.com\/wp-content\/uploads\/2023\/06\/surfcamp-familial-hendaye.jpg\",\"contentUrl\":\"https:\/\/aparra-surfcamp.com\/wp-content\/uploads\/2023\/06\/surfcamp-familial-hendaye.jpg\",\"width\":2000,\"height\":865,\"caption\":\"surfcamp cocina Hendaya\"},{\"@type\":\"BreadcrumbList\",\"@id\":\"https:\/\/aparra-surfcamp.com\/es\/surfcampg-familia-pais-vasco\/#breadcrumb\",\"itemListElement\":[{\"@type\":\"ListItem\",\"position\":1,\"name\":\"Surf Camp Pays Basque\",\"item\":\"https:\/\/aparra-surfcamp.com\/es\/\"},{\"@type\":\"ListItem\",\"position\":2,\"name\":\"Surfcamp familiar en el Pa\u00eds Vasco\"}]},{\"@type\":\"WebSite\",\"@id\":\"https:\/\/aparra-surfcamp.com\/#website\",\"url\":\"https:\/\/aparra-surfcamp.com\/\",\"name\":\"Aparra Surfcamp\",\"description\":\"\",\"publisher\":{\"@id\":\"https:\/\/aparra-surfcamp.com\/#organization\"},\"potentialAction\":[{\"@type\":\"SearchAction\",\"target\":{\"@type\":\"EntryPoint\",\"urlTemplate\":\"https:\/\/aparra-surfcamp.com\/?s={search_term_string}\"},\"query-input\":{\"@type\":\"PropertyValueSpecification\",\"valueRequired\":true,\"valueName\":\"search_term_string\"}}],\"inLanguage\":\"es\"},{\"@type\":\"Organization\",\"@id\":\"https:\/\/aparra-surfcamp.com\/#organization\",\"name\":\"Aparra Surfcamp\",\"url\":\"https:\/\/aparra-surfcamp.com\/\",\"logo\":{\"@type\":\"ImageObject\",\"inLanguage\":\"es\",\"@id\":\"https:\/\/aparra-surfcamp.com\/#\/schema\/logo\/image\/\",\"url\":\"https:\/\/aparra-surfcamp.com\/wp-content\/uploads\/2023\/05\/logo-aparra-surfsamp.webp\",\"contentUrl\":\"https:\/\/aparra-surfcamp.com\/wp-content\/uploads\/2023\/05\/logo-aparra-surfsamp.webp\",\"width\":500,\"height\":500,\"caption\":\"Aparra Surfcamp\"},\"image\":{\"@id\":\"https:\/\/aparra-surfcamp.com\/#\/schema\/logo\/image\/\"}}]}<\/script>\n<!-- \/ Yoast SEO plugin. -->","yoast_head_json":{"title":"Surfcamp familiar en el Pa\u00eds Vasco | Zona com\u00fan de Surfcamp","robots":{"index":"index","follow":"follow","max-snippet":"max-snippet:-1","max-image-preview":"max-image-preview:large","max-video-preview":"max-video-preview:-1"},"canonical":"https:\/\/aparra-surfcamp.com\/es\/surfcampg-familia-pais-vasco\/","og_locale":"es_ES","og_type":"article","og_title":"Surfcamp familiar en el Pa\u00eds Vasco | Zona com\u00fan de Surfcamp","og_url":"https:\/\/aparra-surfcamp.com\/es\/surfcampg-familia-pais-vasco\/","og_site_name":"Aparra Surfcamp","article_modified_time":"2023-06-14T13:18:54+00:00","og_image":[{"width":2000,"height":865,"url":"https:\/\/aparra-surfcamp.com\/wp-content\/uploads\/2023\/06\/surfcamp-familial-hendaye.jpg","type":"image\/jpeg"}],"twitter_card":"summary_large_image","twitter_misc":{"Tiempo de lectura":"3 minutos"},"schema":{"@context":"https:\/\/schema.org","@graph":[{"@type":"WebPage","@id":"https:\/\/aparra-surfcamp.com\/es\/surfcampg-familia-pais-vasco\/","url":"https:\/\/aparra-surfcamp.com\/es\/surfcampg-familia-pais-vasco\/","name":"Surfcamp familiar en el Pa\u00eds Vasco | Zona com\u00fan de Surfcamp","isPartOf":{"@id":"https:\/\/aparra-surfcamp.com\/#website"},"primaryImageOfPage":{"@id":"https:\/\/aparra-surfcamp.com\/es\/surfcampg-familia-pais-vasco\/#primaryimage"},"image":{"@id":"https:\/\/aparra-surfcamp.com\/es\/surfcampg-familia-pais-vasco\/#primaryimage"},"thumbnailUrl":"https:\/\/aparra-surfcamp.com\/wp-content\/uploads\/2023\/06\/surfcamp-familial-hendaye.jpg","datePublished":"2023-05-16T08:41:31+00:00","dateModified":"2023-06-14T13:18:54+00:00","breadcrumb":{"@id":"https:\/\/aparra-surfcamp.com\/es\/surfcampg-familia-pais-vasco\/#breadcrumb"},"inLanguage":"es","potentialAction":[{"@type":"ReadAction","target":["https:\/\/aparra-surfcamp.com\/es\/surfcampg-familia-pais-vasco\/"]}]},{"@type":"ImageObject","inLanguage":"es","@id":"https:\/\/aparra-surfcamp.com\/es\/surfcampg-familia-pais-vasco\/#primaryimage","url":"https:\/\/aparra-surfcamp.com\/wp-content\/uploads\/2023\/06\/surfcamp-familial-hendaye.jpg","contentUrl":"https:\/\/aparra-surfcamp.com\/wp-content\/uploads\/2023\/06\/surfcamp-familial-hendaye.jpg","width":2000,"height":865,"caption":"surfcamp cocina Hendaya"},{"@type":"BreadcrumbList","@id":"https:\/\/aparra-surfcamp.com\/es\/surfcampg-familia-pais-vasco\/#breadcrumb","itemListElement":[{"@type":"ListItem","position":1,"name":"Surf Camp Pays Basque","item":"https:\/\/aparra-surfcamp.com\/es\/"},{"@type":"ListItem","position":2,"name":"Surfcamp familiar en el Pa\u00eds Vasco"}]},{"@type":"WebSite","@id":"https:\/\/aparra-surfcamp.com\/#website","url":"https:\/\/aparra-surfcamp.com\/","name":"Aparra Surfcamp","description":"","publisher":{"@id":"https:\/\/aparra-surfcamp.com\/#organization"},"potentialAction":[{"@type":"SearchAction","target":{"@type":"EntryPoint","urlTemplate":"https:\/\/aparra-surfcamp.com\/?s={search_term_string}"},"query-input":{"@type":"PropertyValueSpecification","valueRequired":true,"valueName":"search_term_string"}}],"inLanguage":"es"},{"@type":"Organization","@id":"https:\/\/aparra-surfcamp.com\/#organization","name":"Aparra Surfcamp","url":"https:\/\/aparra-surfcamp.com\/","logo":{"@type":"ImageObject","inLanguage":"es","@id":"https:\/\/aparra-surfcamp.com\/#\/schema\/logo\/image\/","url":"https:\/\/aparra-surfcamp.com\/wp-content\/uploads\/2023\/05\/logo-aparra-surfsamp.webp","contentUrl":"https:\/\/aparra-surfcamp.com\/wp-content\/uploads\/2023\/05\/logo-aparra-surfsamp.webp","width":500,"height":500,"caption":"Aparra Surfcamp"},"image":{"@id":"https:\/\/aparra-surfcamp.com\/#\/schema\/logo\/image\/"}}]}},"_links":{"self":[{"href":"https:\/\/aparra-surfcamp.com\/es\/wp-json\/wp\/v2\/pages\/1825","targetHints":{"allow":["GET"]}}],"collection":[{"href":"https:\/\/aparra-surfcamp.com\/es\/wp-json\/wp\/v2\/pages"}],"about":[{"href":"https:\/\/aparra-surfcamp.com\/es\/wp-json\/wp\/v2\/types\/page"}],"author":[{"embeddable":true,"href":"https:\/\/aparra-surfcamp.com\/es\/wp-json\/wp\/v2\/users\/1"}],"replies":[{"embeddable":true,"href":"https:\/\/aparra-surfcamp.com\/es\/wp-json\/wp\/v2\/comments?post=1825"}],"version-history":[{"count":7,"href":"https:\/\/aparra-surfcamp.com\/es\/wp-json\/wp\/v2\/pages\/1825\/revisions"}],"predecessor-version":[{"id":1977,"href":"https:\/\/aparra-surfcamp.com\/es\/wp-json\/wp\/v2\/pages\/1825\/revisions\/1977"}],"wp:featuredmedia":[{"embeddable":true,"href":"https:\/\/aparra-surfcamp.com\/es\/wp-json\/wp\/v2\/media\/1801"}],"wp:attachment":[{"href":"https:\/\/aparra-surfcamp.com\/es\/wp-json\/wp\/v2\/media?parent=1825"}],"wp:term":[{"taxonomy":"sujet","embeddable":true,"href":"https:\/\/aparra-surfcamp.com\/es\/wp-json\/wp\/v2\/sujet?post=1825"}],"curies":[{"name":"wp","href":"https:\/\/api.w.org\/{rel}","templated":true}]}}